{"id":12,"date":"2024-06-03T09:01:32","date_gmt":"2024-06-03T09:01:32","guid":{"rendered":"https:\/\/demo.a110.club\/?page_id=12"},"modified":"2024-07-01T14:29:45","modified_gmt":"2024-07-01T14:29:45","slug":"histoire-alpine-a110","status":"publish","type":"page","link":"https:\/\/a110.club\/index.php\/histoire-alpine-a110\/","title":{"rendered":"HISTOIRE"},"content":{"rendered":"\t\t<div data-elementor-type=\"wp-page\" data-elementor-id=\"12\" class=\"elementor elementor-12\">\n\t\t\t\t<div class=\"elementor-element elementor-element-8b8969b e-flex e-con-boxed e-con e-parent\" data-id=\"8b8969b\" data-element_type=\"container\" data-e-type=\"container\" data-settings=\"{&quot;background_background&quot;:&quot;gradient&quot;}\">\n\t\t\t\t\t<div class=\"e-con-inner\">\n\t\t<div class=\"elementor-element elementor-element-f26f2f6 e-flex e-con-boxed elementor-invisible e-con e-child\" data-id=\"f26f2f6\" data-element_type=\"container\" data-e-type=\"container\" data-settings=\"{&quot;background_background&quot;:&quot;classic&quot;,&quot;animation&quot;:&quot;fadeInUp&quot;}\">\n\t\t\t\t\t<div class=\"e-con-inner\">\n\t\t\t\t<div class=\"elementor-element elementor-element-4eefad1 elementor-widget elementor-widget-text-editor\" data-id=\"4eefad1\" data-element_type=\"widget\" data-e-type=\"widget\" data-widget_type=\"text-editor.default\">\n\t\t\t\t<div class=\"elementor-widget-container\">\n\t\t\t\t\t\t\t\t\t<p>L&rsquo;histoire d&rsquo;alpine<\/p>\t\t\t\t\t\t\t\t<\/div>\n\t\t\t\t<\/div>\n\t\t<div class=\"elementor-element elementor-element-4b09e8d e-grid e-con-boxed e-con e-child\" data-id=\"4b09e8d\" data-element_type=\"container\" data-e-type=\"container\">\n\t\t\t\t\t<div class=\"e-con-inner\">\n\t\t\t\t<div class=\"elementor-element elementor-element-3800429 elementor-widget elementor-widget-image\" data-id=\"3800429\" data-element_type=\"widget\" data-e-type=\"widget\" data-widget_type=\"image.default\">\n\t\t\t\t<div class=\"elementor-widget-container\">\n\t\t\t\t\t\t\t\t\t\t\t\t\t\t\t<img fetchpriority=\"high\" decoding=\"async\" width=\"300\" height=\"300\" src=\"https:\/\/a110.club\/wp-content\/uploads\/2024\/06\/alpine-a110-legende-gt-2021-abyss-blue-ottomobile-ot965-1-300x300.jpg\" class=\"attachment-medium size-medium wp-image-123\" alt=\"\" srcset=\"https:\/\/a110.club\/wp-content\/uploads\/2024\/06\/alpine-a110-legende-gt-2021-abyss-blue-ottomobile-ot965-1-300x300.jpg 300w, https:\/\/a110.club\/wp-content\/uploads\/2024\/06\/alpine-a110-legende-gt-2021-abyss-blue-ottomobile-ot965-1-150x150.jpg 150w, https:\/\/a110.club\/wp-content\/uploads\/2024\/06\/alpine-a110-legende-gt-2021-abyss-blue-ottomobile-ot965-1-768x768.jpg 768w, https:\/\/a110.club\/wp-content\/uploads\/2024\/06\/alpine-a110-legende-gt-2021-abyss-blue-ottomobile-ot965-1.jpg 800w\" sizes=\"(max-width: 300px) 100vw, 300px\" \/>\t\t\t\t\t\t\t\t\t\t\t\t\t\t\t<\/div>\n\t\t\t\t<\/div>\n\t\t<div class=\"elementor-element elementor-element-275d40a e-flex e-con-boxed e-con e-child\" data-id=\"275d40a\" data-element_type=\"container\" data-e-type=\"container\">\n\t\t\t\t\t<div class=\"e-con-inner\">\n\t\t\t\t<div class=\"elementor-element elementor-element-0d567f2 elementor-widget elementor-widget-text-editor\" data-id=\"0d567f2\" data-element_type=\"widget\" data-e-type=\"widget\" data-widget_type=\"text-editor.default\">\n\t\t\t\t<div class=\"elementor-widget-container\">\n\t\t\t\t\t\t\t\t\t<p><span style=\"color: #000000; font-family: Poppins, sans-serif; white-space-collapse: preserve;\">Alpine est une marque automobile fran\u00e7aise embl\u00e9matique, reconnue pour son h\u00e9ritage sportif et sa passion pour les voitures de course. Fond\u00e9e en 1955 par Jean R\u00e9d\u00e9l\u00e9, un jeune entrepreneur fran\u00e7ais, Alpine s&rsquo;est rapidement fait un nom dans le monde de la comp\u00e9tition automobile.\u2028\u2028Au d\u00e9part, Alpine \u00e9tait un constructeur de voitures de sport bas\u00e9 \u00e0 Dieppe, en France. M. R\u00e9d\u00e9l\u00e9 a commenc\u00e9 par modifier des voitures de s\u00e9rie pour les adapter \u00e0 la comp\u00e9tition. Sa premi\u00e8re cr\u00e9ation, l&rsquo;Alpine A106, \u00e9tait bas\u00e9e sur une Renault 4CV et a marqu\u00e9 le d\u00e9but de l&rsquo;aventure Alpine.<\/span><\/p>\t\t\t\t\t\t\t\t<\/div>\n\t\t\t\t<\/div>\n\t\t\t\t\t<\/div>\n\t\t\t\t<\/div>\n\t\t\t\t\t<\/div>\n\t\t\t\t<\/div>\n\t\t\t\t\t<\/div>\n\t\t\t\t<\/div>\n\t\t\t\t\t<\/div>\n\t\t\t\t<\/div>\n\t\t<div class=\"elementor-element elementor-element-9825788 e-flex e-con-boxed elementor-invisible e-con e-parent\" data-id=\"9825788\" data-element_type=\"container\" data-e-type=\"container\" data-settings=\"{&quot;animation&quot;:&quot;fadeInUp&quot;}\">\n\t\t\t\t\t<div class=\"e-con-inner\">\n\t\t<div class=\"elementor-element elementor-element-95e9ab0 e-con-full e-flex e-con e-child\" data-id=\"95e9ab0\" data-element_type=\"container\" data-e-type=\"container\">\n\t\t\t\t<div class=\"elementor-element elementor-element-aee0267 elementor-widget__width-inherit elementor-widget elementor-widget-html\" data-id=\"aee0267\" data-element_type=\"widget\" data-e-type=\"widget\" data-widget_type=\"html.default\">\n\t\t\t\t<div class=\"elementor-widget-container\">\n\t\t\t\t\t<!DOCTYPE html>\n<html lang=\"fr\">\n<head>\n    <meta charset=\"UTF-8\">\n    <meta name=\"viewport\" content=\"width=device-width, initial-scale=1.0\">\n    <title>Timeline<\/title>\n    <style>\n        .timeline-container {\n            display: flex;\n            justify-content: center;\n            align-items: center;\n            height: 100vh; \/* Ajustez cette valeur si n\u00e9cessaire *\/\n        }\n        .timeline {\n            position: relative;\n            width: 2px;\n            background-color: black;\n            height: 100vh;\n        }\n        .date {\n            position: absolute;\n            top: 50%;\n            left: 50%;\n            transform: translate(-50%, -50%);\n            background-color: white;\n            padding: 0 0px;\n            font-weight: bold;\n        }\n\n        \/* Media query pour les appareils mobiles *\/\n       \n    <\/style>\n<\/head>\n<body>\n    <div class=\"timeline-container\">\n        <div class=\"timeline\">\n            <div class=\"date\">1922<\/div>\n        <\/div>\n    <\/div>\n<\/body>\n<\/html>\n\t\t\t\t<\/div>\n\t\t\t\t<\/div>\n\t\t\t\t<\/div>\n\t\t<div class=\"elementor-element elementor-element-bbe3ab6 e-con-full e-flex e-con e-child\" data-id=\"bbe3ab6\" data-element_type=\"container\" data-e-type=\"container\">\n\t\t<div class=\"elementor-element elementor-element-f93d753 e-flex e-con-boxed e-con e-child\" data-id=\"f93d753\" data-element_type=\"container\" data-e-type=\"container\">\n\t\t\t\t\t<div class=\"e-con-inner\">\n\t\t\t\t<div class=\"elementor-element elementor-element-763bd6c elementor-widget elementor-widget-image\" data-id=\"763bd6c\" data-element_type=\"widget\" data-e-type=\"widget\" data-widget_type=\"image.default\">\n\t\t\t\t<div class=\"elementor-widget-container\">\n\t\t\t\t\t\t\t\t\t\t\t\t\t\t\t<img decoding=\"async\" width=\"768\" height=\"576\" src=\"https:\/\/a110.club\/wp-content\/uploads\/2024\/06\/EQ66CVT37CWAMJ2I5UWXY43SJQ-768x576.jpg\" class=\"attachment-medium_large size-medium_large wp-image-491\" alt=\"\" srcset=\"https:\/\/a110.club\/wp-content\/uploads\/2024\/06\/EQ66CVT37CWAMJ2I5UWXY43SJQ-768x576.jpg 768w, https:\/\/a110.club\/wp-content\/uploads\/2024\/06\/EQ66CVT37CWAMJ2I5UWXY43SJQ-300x225.jpg 300w, https:\/\/a110.club\/wp-content\/uploads\/2024\/06\/EQ66CVT37CWAMJ2I5UWXY43SJQ-1024x768.jpg 1024w, https:\/\/a110.club\/wp-content\/uploads\/2024\/06\/EQ66CVT37CWAMJ2I5UWXY43SJQ.jpg 1400w\" sizes=\"(max-width: 768px) 100vw, 768px\" \/>\t\t\t\t\t\t\t\t\t\t\t\t\t\t\t<\/div>\n\t\t\t\t<\/div>\n\t\t\t\t<div class=\"elementor-element elementor-element-6f62122 elementor-widget elementor-widget-text-editor\" data-id=\"6f62122\" data-element_type=\"widget\" data-e-type=\"widget\" data-widget_type=\"text-editor.default\">\n\t\t\t\t<div class=\"elementor-widget-container\">\n\t\t\t\t\t\t\t\t\t<p><h3><strong>Jean R\u00e9d\u00e9l\u00e9<\/strong><\/h3>Durant la Premi\u00e8re Guerre Mondiale, \u00e0 la demande de Louis Renault, le jeune Emile R\u00e9d\u00e9l\u00e9 (p\u00e8re de Jean) s\u2019installe \u00e0 Dieppe et y ouvre la concession Renault, rue Thiers. Il \u00e9pouse Madeleine Prieur. C\u2019est le 17 mai 1922 que na\u00eet Jean-Emile-Am\u00e9d\u00e9e R\u00e9d\u00e9l\u00e9.\u2028\u2028Apr\u00e8s ses \u00e9tudes en Normandie, Jean R\u00e9d\u00e9l\u00e9 passe son Bac pendant la Seconde Guerre Mondiale. Sa carri\u00e8re s\u2019oriente vers un poste de Sous-pr\u00e9fet avant de se r\u00e9orienter vers une grande \u00e9cole de commerce, HEC \u00e0 Paris. Une double comp\u00e9tence \u00e9conomico\/sociale o\u00f9 il sortira dipl\u00f4m\u00e9 en 1946.\u2028\u2028Dans le cadre de ses \u00e9tudes, il enverra son rapport de stage \u00e0 la Direction G\u00e9n\u00e9rale de Renault. Jean R\u00e9d\u00e9l\u00e9 avec ses id\u00e9es tr\u00e8s pr\u00e9cises dans le domaine marketing et commercial r\u00e9ussira \u00e0 convaincre la Direction \u00e0 Boulogne-Billancourt o\u00f9 il sera convoqu\u00e9 par Pierre Dreyfus PDG de Renault. Coups de pouce de ce dernier, Jean R\u00e9d\u00e9l\u00e9 sera nomm\u00e9 Concessionnaire officiel \u00e0 Dieppe en succession \u00e0 son p\u00e8re. Il devient \u00e0 vingt-quatre ans, le plus jeune concessionnaire automobile de France.<\/p>\t\t\t\t\t\t\t\t<\/div>\n\t\t\t\t<\/div>\n\t\t\t\t\t<\/div>\n\t\t\t\t<\/div>\n\t\t\t\t<\/div>\n\t\t\t\t\t<\/div>\n\t\t\t\t<\/div>\n\t\t<div class=\"elementor-element elementor-element-be914c4 e-flex e-con-boxed e-con e-parent\" data-id=\"be914c4\" data-element_type=\"container\" data-e-type=\"container\">\n\t\t\t\t\t<div class=\"e-con-inner\">\n\t\t<div class=\"elementor-element elementor-element-207dadf e-con-full e-flex e-con e-child\" data-id=\"207dadf\" data-element_type=\"container\" data-e-type=\"container\">\n\t\t\t\t<div class=\"elementor-element elementor-element-ac139db elementor-widget__width-inherit elementor-widget elementor-widget-html\" data-id=\"ac139db\" data-element_type=\"widget\" data-e-type=\"widget\" data-widget_type=\"html.default\">\n\t\t\t\t<div class=\"elementor-widget-container\">\n\t\t\t\t\t<!DOCTYPE html>\n<html lang=\"fr\">\n<head>\n    <meta charset=\"UTF-8\">\n    <meta name=\"viewport\" content=\"width=device-width, initial-scale=1.0\">\n    <title>Timeline<\/title>\n    <style>\n        .timeline-container {\n            display: flex;\n            justify-content: center;\n            align-items: center;\n            height: 100vh !important ; \/* Ajustez cette valeur si n\u00e9cessaire *\/\n        }\n        .timeline {\n            position: relative;\n            width: 2px;\n            background-color: black;\n            height: 80vh;\n        }\n        .date {\n            position: absolute;\n            top: 50%;\n            left: 50%;\n            transform: translate(-50%, -50%);\n            background-color: white;\n            padding: 0 10px;\n            font-weight: bold;\n        }\n    <\/style>\n<\/head>\n<body>\n    <div class=\"timeline-container\">\n        <div class=\"timeline\">\n            <div class=\"date\">1950<\/div>\n        <\/div>\n    <\/div>\n<\/body>\n<\/html>\n\t\t\t\t<\/div>\n\t\t\t\t<\/div>\n\t\t\t\t<\/div>\n\t\t<div class=\"elementor-element elementor-element-8c58b82 e-con-full e-flex elementor-invisible e-con e-child\" data-id=\"8c58b82\" data-element_type=\"container\" data-e-type=\"container\" data-settings=\"{&quot;animation&quot;:&quot;fadeInRight&quot;}\">\n\t\t\t\t<div class=\"elementor-element elementor-element-7c514d3 elementor-widget elementor-widget-image\" data-id=\"7c514d3\" data-element_type=\"widget\" data-e-type=\"widget\" data-widget_type=\"image.default\">\n\t\t\t\t<div class=\"elementor-widget-container\">\n\t\t\t\t\t\t\t\t\t\t\t\t\t\t\t<img decoding=\"async\" width=\"450\" height=\"299\" src=\"https:\/\/a110.club\/wp-content\/uploads\/2024\/06\/Renault-4CV-R1063-1951-3.jpg\" class=\"attachment-medium_large size-medium_large wp-image-490\" alt=\"\" srcset=\"https:\/\/a110.club\/wp-content\/uploads\/2024\/06\/Renault-4CV-R1063-1951-3.jpg 450w, https:\/\/a110.club\/wp-content\/uploads\/2024\/06\/Renault-4CV-R1063-1951-3-300x199.jpg 300w\" sizes=\"(max-width: 450px) 100vw, 450px\" \/>\t\t\t\t\t\t\t\t\t\t\t\t\t\t\t<\/div>\n\t\t\t\t<\/div>\n\t\t\t\t<div class=\"elementor-element elementor-element-415f733 elementor-widget elementor-widget-text-editor\" data-id=\"415f733\" data-element_type=\"widget\" data-e-type=\"widget\" data-widget_type=\"text-editor.default\">\n\t\t\t\t<div class=\"elementor-widget-container\">\n\t\t\t\t\t\t\t\t\t<h4><strong><span style=\"white-space-collapse: preserve;\">Tout commence par la comp\u00e9tition<\/span><\/strong><\/h4><p><span style=\"white-space-collapse: preserve;\">Jean R\u00e9d\u00e9l\u00e9 se lance dans la comp\u00e9tition automobile d\u00e8s 1950, estimant que :<\/span><\/p>\t\t\t\t\t\t\t\t<\/div>\n\t\t\t\t<\/div>\n\t\t\t\t<div class=\"elementor-element elementor-element-9b74d60 elementor-widget elementor-widget-text-editor\" data-id=\"9b74d60\" data-element_type=\"widget\" data-e-type=\"widget\" data-widget_type=\"text-editor.default\">\n\t\t\t\t<div class=\"elementor-widget-container\">\n\t\t\t\t\t\t\t\t\t<div>&nbsp;<\/div>\n<p><span style=\"white-space-collapse: preserve;\">\u00a0\u00bb La course est le meilleur banc d\u2019essai pour les mod\u00e8les de s\u00e9rie et que la victoire est le meilleur argument de vente \u00ab\u00a0<br>C\u2019est naturellement la toute nouvelle 4 CV Renault qu\u2019il choisit comme moyen promotionnel.\u00a0\u00bb<\/span><\/p>\t\t\t\t\t\t\t\t<\/div>\n\t\t\t\t<\/div>\n\t\t\t\t<div class=\"elementor-element elementor-element-67f2348 elementor-widget elementor-widget-text-editor\" data-id=\"67f2348\" data-element_type=\"widget\" data-e-type=\"widget\" data-widget_type=\"text-editor.default\">\n\t\t\t\t<div class=\"elementor-widget-container\">\n\t\t\t\t\t\t\t\t\t<div>&nbsp;<\/div>\n<p><span style=\"white-space-collapse: preserve;\">D\u00e8s<b> janvier 1950<\/b>, Jean R\u00e9d\u00e9l\u00e9 engage sa 4 CV personnelle au XX\u00e8me Rallye Monte Carlo. Il est copilot\u00e9 par Marcel Delforge, le chef d\u2019atelier de la concession dieppoise mais la neige les retarde et ils arrivent hors d\u00e9lai. Le 24 juillet, il s\u2019engage dans sa seconde comp\u00e9tition. Symboliquement le challenge est \u00e9lev\u00e9 puisqu\u2019il s\u2019agit du \u00ab 1er Rallye de Dieppe \u00bb. Sur ses terres et face \u00e0 quarante autres concurrents, il impose sa 4 CV \u00e0 la premi\u00e8re place devant les 203 Peugeot et autres Salmson plus puissantes.<\/span><\/p>\n<p>Cette victoire est salu\u00e9e par la Presse et la R\u00e9gie Renault qui lui propose, d\u00e8s 1951, de courir le XXI\u00e8me Rallye Monte-Carlo sur une \u201c1063\u201d, la version \u201csp\u00e9ciale course\u201d de la 4 CV. Apr\u00e8s avoir analys\u00e9 le comportement de la 4 CV, Jean R\u00e9d\u00e9l\u00e9 estime qu\u2019elle serait imbattable si la caisse \u00e9tait plus l\u00e9g\u00e8re et mieux profil\u00e9e. Il se rend donc en Italie pour rencontrer le styliste Giovanni Michelotti et lui passe commande d\u2019une \u00ab 4 CV Sp\u00e9ciale Sport \u00bb qui sera r\u00e9alis\u00e9e par lacarrosserie Allemano.\u2028\u2028D\u00e8s sa premi\u00e8re sortie, R\u00e9d\u00e9l\u00e9 gagne le classement g\u00e9n\u00e9ral avec sa \u201cRenault Sp\u00e9ciale\u201d. Il devance deux Jaguar et une Porsche. Le Dieppois double la mise sur le circuit de Rouen lors du meeting de vitesse. En juillet, pour sa troisi\u00e8me sortie, la \u201cRenault Sp\u00e9ciale\u201d de Jean R\u00e9d\u00e9l\u00e9 s\u2019impose \u00e0 la Coupe de Lisbonne au Portugal.<\/p>\t\t\t\t\t\t\t\t<\/div>\n\t\t\t\t<\/div>\n\t\t\t\t<\/div>\n\t\t\t\t\t<\/div>\n\t\t\t\t<\/div>\n\t\t<div class=\"elementor-element elementor-element-32b3b3a e-flex e-con-boxed elementor-invisible e-con e-parent\" data-id=\"32b3b3a\" data-element_type=\"container\" data-e-type=\"container\" data-settings=\"{&quot;animation&quot;:&quot;slideInRight&quot;}\">\n\t\t\t\t\t<div class=\"e-con-inner\">\n\t\t<div class=\"elementor-element elementor-element-a6ea23a e-con-full e-flex e-con e-child\" data-id=\"a6ea23a\" data-element_type=\"container\" data-e-type=\"container\">\n\t\t\t\t<div class=\"elementor-element elementor-element-05fa3a6 elementor-widget__width-inherit elementor-widget elementor-widget-html\" data-id=\"05fa3a6\" data-element_type=\"widget\" data-e-type=\"widget\" data-widget_type=\"html.default\">\n\t\t\t\t<div class=\"elementor-widget-container\">\n\t\t\t\t\t<!DOCTYPE html>\n<html lang=\"fr\">\n<head>\n    <meta charset=\"UTF-8\">\n    <meta name=\"viewport\" content=\"width=device-width, initial-scale=1.0\">\n    <title>Timeline<\/title>\n    <style>\n        .timeline-container {\n            display: flex;\n            justify-content: center;\n            align-items: center;\n            height: 100vh !important ; \/* Ajustez cette valeur si n\u00e9cessaire *\/\n        }\n        .timeline {\n            position: relative;\n            width: 2px;\n            background-color: black;\n            height: 80vh;\n        }\n        .date {\n            position: absolute;\n            top: 50%;\n            left: 50%;\n            transform: translate(-50%, -50%);\n            background-color: white;\n            padding: 0 10px;\n            font-weight: bold;\n        }\n    <\/style>\n<\/head>\n<body>\n    <div class=\"timeline-container\">\n        <div class=\"timeline\">\n            <div class=\"date\">1954<\/div>\n        <\/div>\n    <\/div>\n<\/body>\n<\/html>\n\t\t\t\t<\/div>\n\t\t\t\t<\/div>\n\t\t\t\t<\/div>\n\t\t<div class=\"elementor-element elementor-element-5bdb599 e-con-full e-flex e-con e-child\" data-id=\"5bdb599\" data-element_type=\"container\" data-e-type=\"container\">\n\t\t\t\t<div class=\"elementor-element elementor-element-0a3c904 elementor-widget elementor-widget-image\" data-id=\"0a3c904\" data-element_type=\"widget\" data-e-type=\"widget\" data-widget_type=\"image.default\">\n\t\t\t\t<div class=\"elementor-widget-container\">\n\t\t\t\t\t\t\t\t\t\t\t\t\t\t\t<img loading=\"lazy\" decoding=\"async\" width=\"1024\" height=\"682\" src=\"https:\/\/a110.club\/wp-content\/uploads\/2024\/06\/a110-rallye-1973-1024x682.jpg\" class=\"attachment-large size-large wp-image-492\" alt=\"\" srcset=\"https:\/\/a110.club\/wp-content\/uploads\/2024\/06\/a110-rallye-1973-1024x682.jpg 1024w, https:\/\/a110.club\/wp-content\/uploads\/2024\/06\/a110-rallye-1973-300x200.jpg 300w, https:\/\/a110.club\/wp-content\/uploads\/2024\/06\/a110-rallye-1973-768x512.jpg 768w, https:\/\/a110.club\/wp-content\/uploads\/2024\/06\/a110-rallye-1973.jpg 1060w\" sizes=\"(max-width: 1024px) 100vw, 1024px\" \/>\t\t\t\t\t\t\t\t\t\t\t\t\t\t\t<\/div>\n\t\t\t\t<\/div>\n\t\t\t\t<div class=\"elementor-element elementor-element-4897d4d elementor-widget elementor-widget-text-editor\" data-id=\"4897d4d\" data-element_type=\"widget\" data-e-type=\"widget\" data-widget_type=\"text-editor.default\">\n\t\t\t\t<div class=\"elementor-widget-container\">\n\t\t\t\t\t\t\t\t\t<h4><strong><span style=\"white-space-collapse: preserve;\">De la comp\u00e9tition \u00e0 la marque automobile<\/span><\/strong><\/h4>\t\t\t\t\t\t\t\t<\/div>\n\t\t\t\t<\/div>\n\t\t\t\t<div class=\"elementor-element elementor-element-18d8255 elementor-widget elementor-widget-text-editor\" data-id=\"18d8255\" data-element_type=\"widget\" data-e-type=\"widget\" data-widget_type=\"text-editor.default\">\n\t\t\t\t<div class=\"elementor-widget-container\">\n\t\t\t\t\t\t\t\t\t<div>&nbsp;<\/div>\n<p><span style=\"white-space-collapse: preserve;\">\u00ab\u00a0C\u2019est en sillonnant les Alpes \u00e0 bord de ma 4 CV Renault que je me suis le plus amus\u00e9. J\u2019ai donc d\u00e9cid\u00e9 d\u2019appeler mes futures voitures \u201cAlpine\u201d. Il fallait que mes clients retrouvent ce plaisir de conduire au volant de la voiture que je voulais construire.\u00a0\u00bb<\/span><\/p>\t\t\t\t\t\t\t\t<\/div>\n\t\t\t\t<\/div>\n\t\t\t\t<div class=\"elementor-element elementor-element-5609a05 elementor-widget elementor-widget-text-editor\" data-id=\"5609a05\" data-element_type=\"widget\" data-e-type=\"widget\" data-widget_type=\"text-editor.default\">\n\t\t\t\t<div class=\"elementor-widget-container\">\n\t\t\t\t\t\t\t\t\t<p><span style=\"white-space-collapse: preserve;\">\u00c0 l\u2019issue d\u2019une saison 1954 aussi prodigieuse que celle de 1953, Jean R\u00e9d\u00e9l\u00e9 est d\u00e9sormais consid\u00e9r\u00e9 comme un grand pilote, compliment qui lui va droit au c\u0153ur m\u00eame si il sait qu\u2019il va bient\u00f4t devoir choisir entre piloter ses autos ou piloter son entreprise.\u2028\u2028Jean R\u00e9d\u00e9l\u00e9 a vite per\u00e7u le potentiel d\u2019une marque automobile, qu\u2019il veut construire sur des principes de base simples : une auto d\u2019une conception innovante, \u00e9quip\u00e9e d\u2019une m\u00e9canique simple mais comp\u00e9titive, sous une carrosserie l\u00e9g\u00e8re et attrayante, en utilisant un maximum de pi\u00e8ces de s\u00e9rie pour pouvoir obtenir un prix de revient et un co\u00fbt d\u2019entretien faibles eu \u00e9gard aux performances. Le second principe d\u00e9velopp\u00e9 par Jean R\u00e9d\u00e9l\u00e9 est de \u201cbooster\u201d son activit\u00e9 nationale par la cession de licences \u00e0 l\u2019international.<br \/><br \/>Les \u201cRenault Sp\u00e9ciale\u201d et \u201cR\u00e9d\u00e9l\u00e9 Sp\u00e9ciale\u201d sont construites sur une plateforme de 4 CV avec une carrosserie en polyester et quelques am\u00e9nagements \u00e0 tendance sportive. Jean R\u00e9d\u00e9l\u00e9 va imm\u00e9diatement chercher \u00e0 les faire produire \u00e0 l\u2019\u00e9tranger et la premi\u00e8re tentative sera am\u00e9ricaine.<\/span><\/p>\t\t\t\t\t\t\t\t<\/div>\n\t\t\t\t<\/div>\n\t\t\t\t<\/div>\n\t\t\t\t\t<\/div>\n\t\t\t\t<\/div>\n\t\t<div class=\"elementor-element elementor-element-0acb4ad e-flex e-con-boxed elementor-invisible e-con e-parent\" data-id=\"0acb4ad\" data-element_type=\"container\" data-e-type=\"container\" data-settings=\"{&quot;animation&quot;:&quot;fadeInRight&quot;}\">\n\t\t\t\t\t<div class=\"e-con-inner\">\n\t\t<div class=\"elementor-element elementor-element-af2a8cd e-con-full e-flex e-con e-child\" data-id=\"af2a8cd\" data-element_type=\"container\" data-e-type=\"container\">\n\t\t\t\t<div class=\"elementor-element elementor-element-961c1b1 elementor-widget elementor-widget-text-editor\" data-id=\"961c1b1\" data-element_type=\"widget\" data-e-type=\"widget\" data-widget_type=\"text-editor.default\">\n\t\t\t\t<div class=\"elementor-widget-container\">\n\t\t\t\t\t\t\t\t\t<div>\u00a0<\/div><h4><span style=\"white-space-collapse: preserve;\"><b>Fondation de la Soci\u00e9t\u00e9 des Automobiles Alpine est fond\u00e9e<\/b><\/span><\/h4><p><span style=\"white-space-collapse: preserve;\">La SARL \u201cSoci\u00e9t\u00e9 des Automobiles Alpine\u201d est cr\u00e9\u00e9e le 25 juin 1955 et, d\u00e9but juillet, Jean R\u00e9d\u00e9l\u00e9 pr\u00e9sente lui-m\u00eame trois mod\u00e8les A106 : le premier est bleu, le second est blanc, le troisi\u00e8me est rouge. Tout est dit.<\/span><\/p>\t\t\t\t\t\t\t\t<\/div>\n\t\t\t\t<\/div>\n\t\t\t\t<div class=\"elementor-element elementor-element-73e1732 elementor-widget elementor-widget-text-editor\" data-id=\"73e1732\" data-element_type=\"widget\" data-e-type=\"widget\" data-widget_type=\"text-editor.default\">\n\t\t\t\t<div class=\"elementor-widget-container\">\n\t\t\t\t\t\t\t\t\t<div>&nbsp;<\/div>\n<p><span style=\"white-space-collapse: preserve;\">\u00ab\u00a0Une auto fran\u00e7aise pour faire briller les couleurs tricolores sur les routes et dans les comp\u00e9titions\u00a0\u00bb<\/span><\/p>\t\t\t\t\t\t\t\t<\/div>\n\t\t\t\t<\/div>\n\t\t\t\t<div class=\"elementor-element elementor-element-7c4ec7a elementor-widget elementor-widget-text-editor\" data-id=\"7c4ec7a\" data-element_type=\"widget\" data-e-type=\"widget\" data-widget_type=\"text-editor.default\">\n\t\t\t\t<div class=\"elementor-widget-container\">\n\t\t\t\t\t\t\t\t\t<p><span style=\"white-space-collapse: preserve;\">Pierre Dreyfus, le PDG et Fernand Picard, le Directeur des Etudes et Recherches de la R\u00e9gie, sont convaincus.Le 6 octobre 1955, Jean R\u00e9d\u00e9l\u00e9 lance officiellement sa marque et ses voitures \u00e0 l\u2019occasion du 42\u00e8me Salon de l\u2019Automobile de Paris.<\/span><\/p>\t\t\t\t\t\t\t\t<\/div>\n\t\t\t\t<\/div>\n\t\t\t\t<\/div>\n\t\t<div class=\"elementor-element elementor-element-c8f358c e-con-full e-flex e-con e-child\" data-id=\"c8f358c\" data-element_type=\"container\" data-e-type=\"container\">\n\t\t\t\t<div class=\"elementor-element elementor-element-7c7bc9f elementor-widget__width-inherit elementor-widget elementor-widget-html\" data-id=\"7c7bc9f\" data-element_type=\"widget\" data-e-type=\"widget\" data-widget_type=\"html.default\">\n\t\t\t\t<div class=\"elementor-widget-container\">\n\t\t\t\t\t<!DOCTYPE html>\n<html lang=\"fr\">\n<head>\n    <meta charset=\"UTF-8\">\n    <meta name=\"viewport\" content=\"width=device-width, initial-scale=1.0\">\n    <title>Timeline<\/title>\n    <style>\n        .timeline-container {\n            display: flex;\n            justify-content: center;\n            align-items: center;\n            height: 100vh !important ; \/* Ajustez cette valeur si n\u00e9cessaire *\/\n        }\n        .timeline {\n            position: relative;\n            width: 2px;\n            background-color: black;\n            height: 80vh;\n        }\n        .date {\n            position: absolute;\n            top: 50%;\n            left: 50%;\n            transform: translate(-50%, -50%);\n            background-color: white;\n            padding: 0 10px;\n            font-weight: bold;\n        }\n    <\/style>\n<\/head>\n<body>\n    <div class=\"timeline-container\">\n        <div class=\"timeline\">\n            <div class=\"date\">1955<\/div>\n        <\/div>\n    <\/div>\n<\/body>\n<\/html>\n\t\t\t\t<\/div>\n\t\t\t\t<\/div>\n\t\t\t\t<\/div>\n\t\t\t\t\t<\/div>\n\t\t\t\t<\/div>\n\t\t<div class=\"elementor-element elementor-element-8fd046e e-flex e-con-boxed elementor-invisible e-con e-parent\" data-id=\"8fd046e\" data-element_type=\"container\" data-e-type=\"container\" data-settings=\"{&quot;animation&quot;:&quot;fadeInRight&quot;}\">\n\t\t\t\t\t<div class=\"e-con-inner\">\n\t\t<div class=\"elementor-element elementor-element-74528bb e-con-full e-flex e-con e-child\" data-id=\"74528bb\" data-element_type=\"container\" data-e-type=\"container\">\n\t\t\t\t<div class=\"elementor-element elementor-element-c4e6ee5 elementor-widget elementor-widget-text-editor\" data-id=\"c4e6ee5\" data-element_type=\"widget\" data-e-type=\"widget\" data-widget_type=\"text-editor.default\">\n\t\t\t\t<div class=\"elementor-widget-container\">\n\t\t\t\t\t\t\t\t\t<p><span style=\"white-space-collapse: preserve;\"><b>La fin du Mythe<\/b><\/span><\/p><p><span style=\"white-space-collapse: preserve; font-style: inherit; font-weight: inherit; text-align: var(--text-align); background-color: var(--ast-global-color-5);\">M\u00eame si Jean R\u00e9del\u00e9 reste au pouvoir avec la prise de capital d&rsquo;Alpine par Renault, il se rend tr\u00e8s vite compte qu&rsquo;il n&rsquo;est plus le seul ma\u00eetre \u00e0 bord. En 1978, il c\u00e8de ses parts et quitte son entreprise, le c\u0153ur d\u00e9chir\u00e9:<\/span><br><\/p>\t\t\t\t\t\t\t\t<\/div>\n\t\t\t\t<\/div>\n\t\t\t\t<div class=\"elementor-element elementor-element-5e906d1 elementor-widget elementor-widget-text-editor\" data-id=\"5e906d1\" data-element_type=\"widget\" data-e-type=\"widget\" data-widget_type=\"text-editor.default\">\n\t\t\t\t<div class=\"elementor-widget-container\">\n\t\t\t\t\t\t\t\t\t<p>\u00ab\u00a0Lorem ipsum dolor sit amet, consectetur adipiscing elit. Ut elit tellus, luctus nec ullamcorper mattis, pulvinar dapibus leo.\u00a0\u00bb<\/p>\t\t\t\t\t\t\t\t<\/div>\n\t\t\t\t<\/div>\n\t\t\t\t<div class=\"elementor-element elementor-element-7ca407c elementor-widget elementor-widget-text-editor\" data-id=\"7ca407c\" data-element_type=\"widget\" data-e-type=\"widget\" data-widget_type=\"text-editor.default\">\n\t\t\t\t<div class=\"elementor-widget-container\">\n\t\t\t\t\t\t\t\t\t<p><span style=\"white-space-collapse: preserve;\">La grande aventure Alpine ne s&rsquo;ach\u00e8ve pas avec le d\u00e9part de son fabuleux cr\u00e9ateur. La R\u00e9gie reste fid\u00e8le \u00e0 sa promesse et m\u00eame pendant la crise p\u00e9troli\u00e8re de 1974, tr\u00e8s difficile \u00e0 vivre pour les petits constructeurs comme Alpine. Renault assure le travail du personnel en lui donnant \u00e0 fabriquer des R5 Alpine.\u2028\u2028Mais Renault fait vivre Alpine plus par raison que par passion: l&rsquo;Alpine A310 a patient\u00e9 5 ans avant d&rsquo;avoir enfin le droit au V6 et n&rsquo;a quasiment pas \u00e9volu\u00e9e, ou si peu jusqu&rsquo;\u00e0 son remplacement en 1985 par la GTA. Renault, alors au bord du gouffre n&rsquo;a pas les fonds n\u00e9cessaires pour relancer la marque.\u2028\u2028En 1991, Renault commercialise la derni\u00e8re Alpine, l &lsquo;A610, destin\u00e9e \u00e0 concurrencer certaines Porsche ou Ferrari, gr\u00e2ce \u00e0 son V6 Turbocompress\u00e9 de 250 Ch. Mais en France ce march\u00e9 n&rsquo;est pas tr\u00e8s porteur et \u00e0 l&rsquo;\u00e9tranger, le nom d&rsquo;Alpine ne correspondait plus vraiment \u00e0 cette image que la marque avait du temps o\u00f9 elle \u00e9tait pr\u00e9sente en comp\u00e9tition ( Alpine s&rsquo;\u00e9tait retir\u00e9e \u00e0 la fin des ann\u00e9es 70 avec l &lsquo;A310 V6 couverte de lauriers) : Jean R\u00e9del\u00e9 l&rsquo;avait bien compris: Il est difficile de vendre une sportive dont le nom n&rsquo;est plus associ\u00e9 \u00e0 un palmar\u00e8s. Mais la course co\u00fbte tr\u00e8s cher, et encore une fois, Renault n&rsquo;avait alors pas les moyens.\u2028\u2028De plus, \u00e0 cause de la m\u00e9canique qui avait un temps de retard sur l &lsquo;A310, la marque s&rsquo;\u00e9tait faite un peu oubli\u00e9. En 1995, Renault annonce la fin d&rsquo;Alpine, 40 ans apr\u00e8s ses d\u00e9buts.\u2028\u2028Malgr\u00e9 une image vieillissante, Alpine continue de faire r\u00eaver, surtout en France. Depuis l&rsquo;arr\u00eat de la marque, on n&rsquo;a de cesse de vouloir (\u00e0 travers les m\u00e9dias) relancer Alpine.<\/span><\/p>\t\t\t\t\t\t\t\t<\/div>\n\t\t\t\t<\/div>\n\t\t\t\t<\/div>\n\t\t<div class=\"elementor-element elementor-element-d7f62e5 e-con-full e-flex e-con e-child\" data-id=\"d7f62e5\" data-element_type=\"container\" data-e-type=\"container\">\n\t\t\t\t<div class=\"elementor-element elementor-element-aee44e6 elementor-widget__width-inherit elementor-widget elementor-widget-html\" data-id=\"aee44e6\" data-element_type=\"widget\" data-e-type=\"widget\" data-widget_type=\"html.default\">\n\t\t\t\t<div class=\"elementor-widget-container\">\n\t\t\t\t\t<!DOCTYPE html>\n<html lang=\"fr\">\n<head>\n    <meta charset=\"UTF-8\">\n    <meta name=\"viewport\" content=\"width=device-width, initial-scale=1.0\">\n    <title>Timeline<\/title>\n    <style>\n        .timeline-container {\n            display: flex;\n            justify-content: center;\n            align-items: center;\n            height: 100vh !important ; \/* Ajustez cette valeur si n\u00e9cessaire *\/\n        }\n        .timeline {\n            position: relative;\n            width: 2px;\n            background-color: black;\n            height: 80vh;\n        }\n        .date {\n            position: absolute;\n            top: 50%;\n            left: 50%;\n            transform: translate(-50%, -50%);\n            background-color: white;\n            padding: 0 10px;\n            font-weight: bold;\n        }\n    <\/style>\n<\/head>\n<body>\n    <div class=\"timeline-container\">\n        <div class=\"timeline\">\n            <div class=\"date\">1978<\/div>\n        <\/div>\n    <\/div>\n<\/body>\n<\/html>\n\t\t\t\t<\/div>\n\t\t\t\t<\/div>\n\t\t\t\t<\/div>\n\t\t\t\t\t<\/div>\n\t\t\t\t<\/div>\n\t\t<div class=\"elementor-element elementor-element-c61a13f e-flex e-con-boxed elementor-invisible e-con e-parent\" data-id=\"c61a13f\" data-element_type=\"container\" data-e-type=\"container\" data-settings=\"{&quot;animation&quot;:&quot;fadeInRight&quot;}\">\n\t\t\t\t\t<div class=\"e-con-inner\">\n\t\t<div class=\"elementor-element elementor-element-657b110 e-con-full e-flex e-con e-child\" data-id=\"657b110\" data-element_type=\"container\" data-e-type=\"container\">\n\t\t\t\t<div class=\"elementor-element elementor-element-b9d04c7 elementor-widget__width-inherit elementor-widget elementor-widget-html\" data-id=\"b9d04c7\" data-element_type=\"widget\" data-e-type=\"widget\" data-widget_type=\"html.default\">\n\t\t\t\t<div class=\"elementor-widget-container\">\n\t\t\t\t\t<!DOCTYPE html>\n<html lang=\"fr\">\n<head>\n    <meta charset=\"UTF-8\">\n    <meta name=\"viewport\" content=\"width=device-width, initial-scale=1.0\">\n    <title>Timeline<\/title>\n    <style>\n        .timeline-container {\n            display: flex;\n            justify-content: center;\n            align-items: center;\n            height: 100vh !important ; \/* Ajustez cette valeur si n\u00e9cessaire *\/\n        }\n        .timeline {\n            position: relative;\n            width: 2px;\n            background-color: black;\n            height: 80vh;\n        }\n        .date {\n            position: absolute;\n            top: 50%;\n            left: 50%;\n            transform: translate(-50%, -50%);\n            background-color: white;\n            padding: 0 10px;\n            font-weight: bold;\n        }\n         @media (max-width: 768px) {\n             .timeline-container {\n            display: flex;\n            justify-content: center;\n            align-items: center;\n            height: auto !important ; \/* Ajustez cette valeur si n\u00e9cessaire *\/\n        }\n            .timeline {\n                background-color: transparent;\n                height: auto;\n            }\n        }\n    <\/style>\n<\/head>\n<body>\n    <div class=\"timeline-container\">\n        <div class=\"timeline\">\n            <div class=\"date\">2017<\/div>\n        <\/div>\n    <\/div>\n<\/body>\n<\/html>\n\t\t\t\t<\/div>\n\t\t\t\t<\/div>\n\t\t\t\t<\/div>\n\t\t<div class=\"elementor-element elementor-element-4e0163d e-con-full e-flex e-con e-child\" data-id=\"4e0163d\" data-element_type=\"container\" data-e-type=\"container\">\n\t\t\t\t<div class=\"elementor-element elementor-element-666a2f7 elementor-widget elementor-widget-image\" data-id=\"666a2f7\" data-element_type=\"widget\" data-e-type=\"widget\" data-widget_type=\"image.default\">\n\t\t\t\t<div class=\"elementor-widget-container\">\n\t\t\t\t\t\t\t\t\t\t\t\t\t\t\t<img loading=\"lazy\" decoding=\"async\" width=\"1024\" height=\"576\" src=\"https:\/\/a110.club\/wp-content\/uploads\/2024\/06\/alpine-a110-fond-montagne-icone-style-1024x576.webp\" class=\"attachment-large size-large wp-image-592\" alt=\"\" srcset=\"https:\/\/a110.club\/wp-content\/uploads\/2024\/06\/alpine-a110-fond-montagne-icone-style-1024x576.webp 1024w, https:\/\/a110.club\/wp-content\/uploads\/2024\/06\/alpine-a110-fond-montagne-icone-style-300x169.webp 300w, https:\/\/a110.club\/wp-content\/uploads\/2024\/06\/alpine-a110-fond-montagne-icone-style-768x432.webp 768w, https:\/\/a110.club\/wp-content\/uploads\/2024\/06\/alpine-a110-fond-montagne-icone-style.webp 1280w\" sizes=\"(max-width: 1024px) 100vw, 1024px\" \/>\t\t\t\t\t\t\t\t\t\t\t\t\t\t\t<\/div>\n\t\t\t\t<\/div>\n\t\t\t\t<div class=\"elementor-element elementor-element-3105713 elementor-widget elementor-widget-text-editor\" data-id=\"3105713\" data-element_type=\"widget\" data-e-type=\"widget\" data-widget_type=\"text-editor.default\">\n\t\t\t\t<div class=\"elementor-widget-container\">\n\t\t\t\t\t\t\t\t\t<p><b><span style=\"white-space-collapse: preserve;\">Le Mythe renait<\/span><\/b><\/p><p><span style=\"white-space-collapse: preserve; font-style: inherit; font-weight: inherit; text-align: var(--text-align); background-color: var(--ast-global-color-5);\">Le constructeur fran\u00e7ais de voiture de sport Alpine, fond\u00e9 par le pilote Jean R\u00e9d\u00e9l\u00e9 (1922-2007) en 1955, puis disparu en 1995, rena\u00eet en 2017 \u00e0 l&rsquo;occasion du lancement du nouveau coup\u00e9 de la marque. Cette relance est officiellement annonc\u00e9e le 05 novembre 2012.\u2028\u2028L&rsquo;Alpine A110 est officiellement pr\u00e9sent\u00e9e le 07 mars 2017 sur le stand Alpine du Salon de Gen\u00e8ve. La nouvelle Alpine ne porte pas le nom Renault, propri\u00e9taire de la marque. En effet, la marque Alpine est la marque premium et sportive du groupe Renault. Alpine fait le choix de reprendre la d\u00e9nomination du mythique mod\u00e8le de 1962, l&rsquo;A110.<\/span><br><\/p>\t\t\t\t\t\t\t\t<\/div>\n\t\t\t\t<\/div>\n\t\t\t\t<\/div>\n\t\t\t\t\t<\/div>\n\t\t\t\t<\/div>\n\t\t<div class=\"elementor-element elementor-element-36ca5c4 e-flex e-con-boxed elementor-invisible e-con e-parent\" data-id=\"36ca5c4\" data-element_type=\"container\" data-e-type=\"container\" data-settings=\"{&quot;animation&quot;:&quot;fadeInUp&quot;}\">\n\t\t\t\t\t<div class=\"e-con-inner\">\n\t\t<div class=\"elementor-element elementor-element-cbf09ad e-con-full e-flex e-con e-child\" data-id=\"cbf09ad\" data-element_type=\"container\" data-e-type=\"container\">\n\t\t\t\t<div class=\"elementor-element elementor-element-4744b42 elementor-widget elementor-widget-image\" data-id=\"4744b42\" data-element_type=\"widget\" data-e-type=\"widget\" data-widget_type=\"image.default\">\n\t\t\t\t<div class=\"elementor-widget-container\">\n\t\t\t\t\t\t\t\t\t\t\t\t\t\t\t<img loading=\"lazy\" decoding=\"async\" width=\"1024\" height=\"474\" src=\"https:\/\/a110.club\/wp-content\/uploads\/2024\/06\/MicrosoftTeams-image-4-1024x474.jpg\" class=\"attachment-large size-large wp-image-494\" alt=\"\" srcset=\"https:\/\/a110.club\/wp-content\/uploads\/2024\/06\/MicrosoftTeams-image-4-1024x474.jpg 1024w, https:\/\/a110.club\/wp-content\/uploads\/2024\/06\/MicrosoftTeams-image-4-300x139.jpg 300w, https:\/\/a110.club\/wp-content\/uploads\/2024\/06\/MicrosoftTeams-image-4-768x355.jpg 768w, https:\/\/a110.club\/wp-content\/uploads\/2024\/06\/MicrosoftTeams-image-4-1536x710.jpg 1536w, https:\/\/a110.club\/wp-content\/uploads\/2024\/06\/MicrosoftTeams-image-4.jpg 1600w\" sizes=\"(max-width: 1024px) 100vw, 1024px\" \/>\t\t\t\t\t\t\t\t\t\t\t\t\t\t\t<\/div>\n\t\t\t\t<\/div>\n\t\t\t\t<\/div>\n\t\t<div class=\"elementor-element elementor-element-84feecf e-con-full e-flex e-con e-child\" data-id=\"84feecf\" data-element_type=\"container\" data-e-type=\"container\">\n\t\t\t\t<div class=\"elementor-element elementor-element-854ef4b elementor-widget elementor-widget-text-editor\" data-id=\"854ef4b\" data-element_type=\"widget\" data-e-type=\"widget\" data-widget_type=\"text-editor.default\">\n\t\t\t\t<div class=\"elementor-widget-container\">\n\t\t\t\t\t\t\t\t\t<p><span style=\"white-space-collapse: preserve;\">Notre raison d&rsquo;\u00eatre<\/span><\/p>\t\t\t\t\t\t\t\t<\/div>\n\t\t\t\t<\/div>\n\t\t\t\t<div class=\"elementor-element elementor-element-fe57529 elementor-widget elementor-widget-text-editor\" data-id=\"fe57529\" data-element_type=\"widget\" data-e-type=\"widget\" data-widget_type=\"text-editor.default\">\n\t\t\t\t<div class=\"elementor-widget-container\">\n\t\t\t\t\t\t\t\t\t<p><span style=\"white-space-collapse: preserve;\">Tel un Phoenix qui renait, la cr\u00e9ation de la SAS PHOENIX78 prend tout son sens, pour promouvoir ce v\u00e9hicule de L\u00e9gende. Par le principe de la location, nous voulons surtout rendre accessible, par des valeurs de Partage, Plaisir et Passion, cette sportive fran\u00e7aise. Merci \u00e0 tous les contributeurs, dont vous ferez peut-\u00eatre parti, de vivre l&rsquo;aventure Alpine avec nous.<\/span><\/p>\t\t\t\t\t\t\t\t<\/div>\n\t\t\t\t<\/div>\n\t\t\t\t<\/div>\n\t\t\t\t\t<\/div>\n\t\t\t\t<\/div>\n\t\t\t\t<\/div>\n\t\t","protected":false},"excerpt":{"rendered":"<p>L&rsquo;histoire d&rsquo;alpine Alpine est une marque automobile fran\u00e7aise embl\u00e9matique, reconnue pour son h\u00e9ritage sportif et sa passion pour les voitures [&hellip;]<\/p>\n","protected":false},"author":1,"featured_media":0,"parent":0,"menu_order":0,"comment_status":"closed","ping_status":"closed","template":"","meta":{"site-sidebar-layout":"no-sidebar","site-content-layout":"","ast-site-content-layout":"full-width-container","site-content-style":"default","site-sidebar-style":"default","ast-global-header-display":"","ast-banner-title-visibility":"","ast-main-header-display":"","ast-hfb-above-header-display":"","ast-hfb-below-header-display":"","ast-hfb-mobile-header-display":"","site-post-title":"disabled","ast-breadcrumbs-content":"","ast-featured-img":"disabled","footer-sml-layout":"","theme-transparent-header-meta":"","adv-header-id-meta":"","stick-header-meta":"","header-above-stick-meta":"","header-main-stick-meta":"","header-below-stick-meta":"","astra-migrate-meta-layouts":"default","ast-page-background-enabled":"default","ast-page-background-meta":{"desktop":{"background-color":"var(--ast-global-color-4)","background-image":"","background-repeat":"repeat","background-position":"center center","background-size":"auto","background-attachment":"scroll","background-type":"","background-media":"","overlay-type":"","overlay-color":"","overlay-opacity":"","overlay-gradient":""},"tablet":{"background-color":"","background-image":"","background-repeat":"repeat","background-position":"center center","background-size":"auto","background-attachment":"scroll","background-type":"","background-media":"","overlay-type":"","overlay-color":"","overlay-opacity":"","overlay-gradient":""},"mobile":{"background-color":"","background-image":"","background-repeat":"repeat","background-position":"center center","background-size":"auto","background-attachment":"scroll","background-type":"","background-media":"","overlay-type":"","overlay-color":"","overlay-opacity":"","overlay-gradient":""}},"ast-content-background-meta":{"desktop":{"background-color":"var(--ast-global-color-5)","background-image":"","background-repeat":"repeat","background-position":"center center","background-size":"auto","background-attachment":"scroll","background-type":"","background-media":"","overlay-type":"","overlay-color":"","overlay-opacity":"","overlay-gradient":""},"tablet":{"background-color":"var(--ast-global-color-5)","background-image":"","background-repeat":"repeat","background-position":"center center","background-size":"auto","background-attachment":"scroll","background-type":"","background-media":"","overlay-type":"","overlay-color":"","overlay-opacity":"","overlay-gradient":""},"mobile":{"background-color":"var(--ast-global-color-5)","background-image":"","background-repeat":"repeat","background-position":"center center","background-size":"auto","background-attachment":"scroll","background-type":"","background-media":"","overlay-type":"","overlay-color":"","overlay-opacity":"","overlay-gradient":""}},"footnotes":""},"class_list":["post-12","page","type-page","status-publish","hentry"],"yoast_head":"<!-- This site is optimized with the Yoast SEO plugin v24.2 - https:\/\/yoast.com\/wordpress\/plugins\/seo\/ -->\n<title>L&#039;Histoire de l&#039;Alpine A110 - D\u00e9couvrez son \u00e9volution ....<\/title>\n<meta name=\"description\" content=\"Explorez l&#039;histoire fascinante de l&#039;Alpine A110, de ses d\u00e9buts l\u00e9gendaires aux mod\u00e8les contemporains. D\u00e9couvrez les moments cl\u00e9s et les voitures embl\u00e9matiques qui ont marqu\u00e9 cette ic\u00f4ne de l&#039;automobile. En savoir plus sur A110.CLUB.\" \/>\n<meta name=\"robots\" content=\"index, follow, max-snippet:-1, max-image-preview:large, max-video-preview:-1\" \/>\n<link rel=\"canonical\" href=\"https:\/\/a110.club\/index.php\/histoire-alpine-a110\/\" \/>\n<meta property=\"og:locale\" content=\"fr_FR\" \/>\n<meta property=\"og:type\" content=\"article\" \/>\n<meta property=\"og:title\" content=\"L&#039;Histoire de l&#039;Alpine A110 - D\u00e9couvrez son \u00e9volution ....\" \/>\n<meta property=\"og:description\" content=\"Explorez l&#039;histoire fascinante de l&#039;Alpine A110, de ses d\u00e9buts l\u00e9gendaires aux mod\u00e8les contemporains. D\u00e9couvrez les moments cl\u00e9s et les voitures embl\u00e9matiques qui ont marqu\u00e9 cette ic\u00f4ne de l&#039;automobile. En savoir plus sur A110.CLUB.\" \/>\n<meta property=\"og:url\" content=\"https:\/\/a110.club\/index.php\/histoire-alpine-a110\/\" \/>\n<meta property=\"og:site_name\" content=\"A110.CLUB\" \/>\n<meta property=\"article:publisher\" content=\"https:\/\/www.facebook.com\/profile.php?id=61556014750143\" \/>\n<meta property=\"article:modified_time\" content=\"2024-07-01T14:29:45+00:00\" \/>\n<meta property=\"og:image\" content=\"https:\/\/a110.club\/wp-content\/uploads\/2024\/06\/alpine-a110-legende-gt-2021-abyss-blue-ottomobile-ot965-1-300x300.jpg\" \/>\n<meta name=\"twitter:card\" content=\"summary_large_image\" \/>\n<meta name=\"twitter:label1\" content=\"Dur\u00e9e de lecture estim\u00e9e\" \/>\n\t<meta name=\"twitter:data1\" content=\"9 minutes\" \/>\n<script type=\"application\/ld+json\" class=\"yoast-schema-graph\">{\"@context\":\"https:\/\/schema.org\",\"@graph\":[{\"@type\":\"WebPage\",\"@id\":\"https:\/\/a110.club\/index.php\/histoire-alpine-a110\/\",\"url\":\"https:\/\/a110.club\/index.php\/histoire-alpine-a110\/\",\"name\":\"L'Histoire de l'Alpine A110 - D\u00e9couvrez son \u00e9volution ....\",\"isPartOf\":{\"@id\":\"https:\/\/a110.club\/#website\"},\"primaryImageOfPage\":{\"@id\":\"https:\/\/a110.club\/index.php\/histoire-alpine-a110\/#primaryimage\"},\"image\":{\"@id\":\"https:\/\/a110.club\/index.php\/histoire-alpine-a110\/#primaryimage\"},\"thumbnailUrl\":\"https:\/\/a110.club\/wp-content\/uploads\/2024\/06\/alpine-a110-legende-gt-2021-abyss-blue-ottomobile-ot965-1-300x300.jpg\",\"datePublished\":\"2024-06-03T09:01:32+00:00\",\"dateModified\":\"2024-07-01T14:29:45+00:00\",\"description\":\"Explorez l'histoire fascinante de l'Alpine A110, de ses d\u00e9buts l\u00e9gendaires aux mod\u00e8les contemporains. D\u00e9couvrez les moments cl\u00e9s et les voitures embl\u00e9matiques qui ont marqu\u00e9 cette ic\u00f4ne de l'automobile. En savoir plus sur A110.CLUB.\",\"breadcrumb\":{\"@id\":\"https:\/\/a110.club\/index.php\/histoire-alpine-a110\/#breadcrumb\"},\"inLanguage\":\"fr-FR\",\"potentialAction\":[{\"@type\":\"ReadAction\",\"target\":[\"https:\/\/a110.club\/index.php\/histoire-alpine-a110\/\"]}]},{\"@type\":\"ImageObject\",\"inLanguage\":\"fr-FR\",\"@id\":\"https:\/\/a110.club\/index.php\/histoire-alpine-a110\/#primaryimage\",\"url\":\"https:\/\/a110.club\/wp-content\/uploads\/2024\/06\/alpine-a110-legende-gt-2021-abyss-blue-ottomobile-ot965-1.jpg\",\"contentUrl\":\"https:\/\/a110.club\/wp-content\/uploads\/2024\/06\/alpine-a110-legende-gt-2021-abyss-blue-ottomobile-ot965-1.jpg\",\"width\":800,\"height\":800},{\"@type\":\"BreadcrumbList\",\"@id\":\"https:\/\/a110.club\/index.php\/histoire-alpine-a110\/#breadcrumb\",\"itemListElement\":[{\"@type\":\"ListItem\",\"position\":1,\"name\":\"Accueil\",\"item\":\"https:\/\/a110.club\/\"},{\"@type\":\"ListItem\",\"position\":2,\"name\":\"HISTOIRE\"}]},{\"@type\":\"WebSite\",\"@id\":\"https:\/\/a110.club\/#website\",\"url\":\"https:\/\/a110.club\/\",\"name\":\"A110.CLUB\",\"description\":\"\",\"publisher\":{\"@id\":\"https:\/\/a110.club\/#organization\"},\"potentialAction\":[{\"@type\":\"SearchAction\",\"target\":{\"@type\":\"EntryPoint\",\"urlTemplate\":\"https:\/\/a110.club\/?s={search_term_string}\"},\"query-input\":{\"@type\":\"PropertyValueSpecification\",\"valueRequired\":true,\"valueName\":\"search_term_string\"}}],\"inLanguage\":\"fr-FR\"},{\"@type\":\"Organization\",\"@id\":\"https:\/\/a110.club\/#organization\",\"name\":\"A110.CLUB\",\"url\":\"https:\/\/a110.club\/\",\"logo\":{\"@type\":\"ImageObject\",\"inLanguage\":\"fr-FR\",\"@id\":\"https:\/\/a110.club\/#\/schema\/logo\/image\/\",\"url\":\"https:\/\/a110.club\/wp-content\/uploads\/2024\/06\/logoPhoenix78-scaled.png\",\"contentUrl\":\"https:\/\/a110.club\/wp-content\/uploads\/2024\/06\/logoPhoenix78-scaled.png\",\"width\":1810,\"height\":2560,\"caption\":\"A110.CLUB\"},\"image\":{\"@id\":\"https:\/\/a110.club\/#\/schema\/logo\/image\/\"},\"sameAs\":[\"https:\/\/www.facebook.com\/profile.php?id=61556014750143\",\"https:\/\/www.instagram.com\/a110.club\/\"]}]}<\/script>\n<!-- \/ Yoast SEO plugin. -->","yoast_head_json":{"title":"L'Histoire de l'Alpine A110 - D\u00e9couvrez son \u00e9volution ....","description":"Explorez l'histoire fascinante de l'Alpine A110, de ses d\u00e9buts l\u00e9gendaires aux mod\u00e8les contemporains. D\u00e9couvrez les moments cl\u00e9s et les voitures embl\u00e9matiques qui ont marqu\u00e9 cette ic\u00f4ne de l'automobile. En savoir plus sur A110.CLUB.","robots":{"index":"index","follow":"follow","max-snippet":"max-snippet:-1","max-image-preview":"max-image-preview:large","max-video-preview":"max-video-preview:-1"},"canonical":"https:\/\/a110.club\/index.php\/histoire-alpine-a110\/","og_locale":"fr_FR","og_type":"article","og_title":"L'Histoire de l'Alpine A110 - D\u00e9couvrez son \u00e9volution ....","og_description":"Explorez l'histoire fascinante de l'Alpine A110, de ses d\u00e9buts l\u00e9gendaires aux mod\u00e8les contemporains. D\u00e9couvrez les moments cl\u00e9s et les voitures embl\u00e9matiques qui ont marqu\u00e9 cette ic\u00f4ne de l'automobile. En savoir plus sur A110.CLUB.","og_url":"https:\/\/a110.club\/index.php\/histoire-alpine-a110\/","og_site_name":"A110.CLUB","article_publisher":"https:\/\/www.facebook.com\/profile.php?id=61556014750143","article_modified_time":"2024-07-01T14:29:45+00:00","og_image":[{"url":"https:\/\/a110.club\/wp-content\/uploads\/2024\/06\/alpine-a110-legende-gt-2021-abyss-blue-ottomobile-ot965-1-300x300.jpg","type":"","width":"","height":""}],"twitter_card":"summary_large_image","twitter_misc":{"Dur\u00e9e de lecture estim\u00e9e":"9 minutes"},"schema":{"@context":"https:\/\/schema.org","@graph":[{"@type":"WebPage","@id":"https:\/\/a110.club\/index.php\/histoire-alpine-a110\/","url":"https:\/\/a110.club\/index.php\/histoire-alpine-a110\/","name":"L'Histoire de l'Alpine A110 - D\u00e9couvrez son \u00e9volution ....","isPartOf":{"@id":"https:\/\/a110.club\/#website"},"primaryImageOfPage":{"@id":"https:\/\/a110.club\/index.php\/histoire-alpine-a110\/#primaryimage"},"image":{"@id":"https:\/\/a110.club\/index.php\/histoire-alpine-a110\/#primaryimage"},"thumbnailUrl":"https:\/\/a110.club\/wp-content\/uploads\/2024\/06\/alpine-a110-legende-gt-2021-abyss-blue-ottomobile-ot965-1-300x300.jpg","datePublished":"2024-06-03T09:01:32+00:00","dateModified":"2024-07-01T14:29:45+00:00","description":"Explorez l'histoire fascinante de l'Alpine A110, de ses d\u00e9buts l\u00e9gendaires aux mod\u00e8les contemporains. D\u00e9couvrez les moments cl\u00e9s et les voitures embl\u00e9matiques qui ont marqu\u00e9 cette ic\u00f4ne de l'automobile. En savoir plus sur A110.CLUB.","breadcrumb":{"@id":"https:\/\/a110.club\/index.php\/histoire-alpine-a110\/#breadcrumb"},"inLanguage":"fr-FR","potentialAction":[{"@type":"ReadAction","target":["https:\/\/a110.club\/index.php\/histoire-alpine-a110\/"]}]},{"@type":"ImageObject","inLanguage":"fr-FR","@id":"https:\/\/a110.club\/index.php\/histoire-alpine-a110\/#primaryimage","url":"https:\/\/a110.club\/wp-content\/uploads\/2024\/06\/alpine-a110-legende-gt-2021-abyss-blue-ottomobile-ot965-1.jpg","contentUrl":"https:\/\/a110.club\/wp-content\/uploads\/2024\/06\/alpine-a110-legende-gt-2021-abyss-blue-ottomobile-ot965-1.jpg","width":800,"height":800},{"@type":"BreadcrumbList","@id":"https:\/\/a110.club\/index.php\/histoire-alpine-a110\/#breadcrumb","itemListElement":[{"@type":"ListItem","position":1,"name":"Accueil","item":"https:\/\/a110.club\/"},{"@type":"ListItem","position":2,"name":"HISTOIRE"}]},{"@type":"WebSite","@id":"https:\/\/a110.club\/#website","url":"https:\/\/a110.club\/","name":"A110.CLUB","description":"","publisher":{"@id":"https:\/\/a110.club\/#organization"},"potentialAction":[{"@type":"SearchAction","target":{"@type":"EntryPoint","urlTemplate":"https:\/\/a110.club\/?s={search_term_string}"},"query-input":{"@type":"PropertyValueSpecification","valueRequired":true,"valueName":"search_term_string"}}],"inLanguage":"fr-FR"},{"@type":"Organization","@id":"https:\/\/a110.club\/#organization","name":"A110.CLUB","url":"https:\/\/a110.club\/","logo":{"@type":"ImageObject","inLanguage":"fr-FR","@id":"https:\/\/a110.club\/#\/schema\/logo\/image\/","url":"https:\/\/a110.club\/wp-content\/uploads\/2024\/06\/logoPhoenix78-scaled.png","contentUrl":"https:\/\/a110.club\/wp-content\/uploads\/2024\/06\/logoPhoenix78-scaled.png","width":1810,"height":2560,"caption":"A110.CLUB"},"image":{"@id":"https:\/\/a110.club\/#\/schema\/logo\/image\/"},"sameAs":["https:\/\/www.facebook.com\/profile.php?id=61556014750143","https:\/\/www.instagram.com\/a110.club\/"]}]}},"_links":{"self":[{"href":"https:\/\/a110.club\/index.php\/wp-json\/wp\/v2\/pages\/12","targetHints":{"allow":["GET"]}}],"collection":[{"href":"https:\/\/a110.club\/index.php\/wp-json\/wp\/v2\/pages"}],"about":[{"href":"https:\/\/a110.club\/index.php\/wp-json\/wp\/v2\/types\/page"}],"author":[{"embeddable":true,"href":"https:\/\/a110.club\/index.php\/wp-json\/wp\/v2\/users\/1"}],"replies":[{"embeddable":true,"href":"https:\/\/a110.club\/index.php\/wp-json\/wp\/v2\/comments?post=12"}],"version-history":[{"count":155,"href":"https:\/\/a110.club\/index.php\/wp-json\/wp\/v2\/pages\/12\/revisions"}],"predecessor-version":[{"id":3296,"href":"https:\/\/a110.club\/index.php\/wp-json\/wp\/v2\/pages\/12\/revisions\/3296"}],"wp:attachment":[{"href":"https:\/\/a110.club\/index.php\/wp-json\/wp\/v2\/media?parent=12"}],"curies":[{"name":"wp","href":"https:\/\/api.w.org\/{rel}","templated":true}]}}